{"id":20,"date":"2019-11-27T11:07:47","date_gmt":"2019-11-27T11:07:47","guid":{"rendered":"http:\/\/wordpress2020.zahnarztpraxis-buchenbach.de\/?page_id=20"},"modified":"2022-01-13T16:22:14","modified_gmt":"2022-01-13T16:22:14","slug":"ueber-uns","status":"publish","type":"page","link":"https:\/\/zahnarztpraxis-buchenbach.de\/?page_id=20","title":{"rendered":"Unser Team"},"content":{"rendered":"\t\t<div data-elementor-type=\"wp-page\" data-elementor-id=\"20\" class=\"elementor elementor-20\">\n\t\t\t\t\t\t<section class=\"elementor-section elementor-top-section elementor-element elementor-element-5bdbcd6 elementor-section-full_width elementor-section-stretched elementor-section-height-default elementor-section-height-default\" data-id=\"5bdbcd6\" data-element_type=\"section\" data-e-type=\"section\" data-settings=\"{&quot;stretch_section&quot;:&quot;section-stretched&quot;}\">\n\t\t\t\t\t\t<div class=\"elementor-container elementor-column-gap-default\">\n\t\t\t\t\t<div class=\"elementor-column elementor-col-100 elementor-top-column elementor-element elementor-element-0c954d1\" data-id=\"0c954d1\" data-element_type=\"column\" data-e-type=\"column\">\n\t\t\t<div class=\"elementor-widget-wrap elementor-element-populated\">\n\t\t\t\t\t\t<div class=\"elementor-element elementor-element-de7fb33 elementor-widget elementor-widget-spacer\" data-id=\"de7fb33\" data-element_type=\"widget\" data-e-type=\"widget\" data-widget_type=\"spacer.default\">\n\t\t\t\t<div class=\"elementor-widget-container\">\n\t\t\t\t\t\t\t<div class=\"elementor-spacer\">\n\t\t\t<div class=\"elementor-spacer-inner\"><\/div>\n\t\t<\/div>\n\t\t\t\t\t\t<\/div>\n\t\t\t\t<\/div>\n\t\t\t\t<div class=\"elementor-element elementor-element-a15dd85 elementor-hidden-mobile elementor-widget elementor-widget-image\" data-id=\"a15dd85\" data-element_type=\"widget\" data-e-type=\"widget\" data-widget_type=\"image.default\">\n\t\t\t\t<div class=\"elementor-widget-container\">\n\t\t\t\t\t\t\t\t\t\t\t\t\t\t\t<img fetchpriority=\"high\" decoding=\"async\" width=\"2000\" height=\"756\" src=\"https:\/\/zahnarztpraxis-buchenbach.de\/wp-content\/uploads\/2021\/04\/ZPB_Team_01k.jpg\" class=\"attachment-2048x2048 size-2048x2048 wp-image-317\" alt=\"\" srcset=\"https:\/\/zahnarztpraxis-buchenbach.de\/wp-content\/uploads\/2021\/04\/ZPB_Team_01k.jpg 2000w, https:\/\/zahnarztpraxis-buchenbach.de\/wp-content\/uploads\/2021\/04\/ZPB_Team_01k-300x113.jpg 300w, https:\/\/zahnarztpraxis-buchenbach.de\/wp-content\/uploads\/2021\/04\/ZPB_Team_01k-1024x387.jpg 1024w, https:\/\/zahnarztpraxis-buchenbach.de\/wp-content\/uploads\/2021\/04\/ZPB_Team_01k-768x290.jpg 768w, https:\/\/zahnarztpraxis-buchenbach.de\/wp-content\/uploads\/2021\/04\/ZPB_Team_01k-1536x581.jpg 1536w\" sizes=\"(max-width: 2000px) 100vw, 2000px\" \/>\t\t\t\t\t\t\t\t\t\t\t\t\t\t\t<\/div>\n\t\t\t\t<\/div>\n\t\t\t\t<div class=\"elementor-element elementor-element-ddb3705 elementor-widget elementor-widget-spacer\" data-id=\"ddb3705\" data-element_type=\"widget\" data-e-type=\"widget\" data-widget_type=\"spacer.default\">\n\t\t\t\t<div class=\"elementor-widget-container\">\n\t\t\t\t\t\t\t<div class=\"elementor-spacer\">\n\t\t\t<div class=\"elementor-spacer-inner\"><\/div>\n\t\t<\/div>\n\t\t\t\t\t\t<\/div>\n\t\t\t\t<\/div>\n\t\t\t\t\t<\/div>\n\t\t<\/div>\n\t\t\t\t\t<\/div>\n\t\t<\/section>\n\t\t\t\t<section class=\"elementor-section elementor-top-section elementor-element elementor-element-5952634 elementor-section-full_width elementor-section-stretched elementor-hidden-tablet elementor-section-height-default elementor-section-height-default\" data-id=\"5952634\" data-element_type=\"section\" data-e-type=\"section\" data-settings=\"{&quot;stretch_section&quot;:&quot;section-stretched&quot;,&quot;background_background&quot;:&quot;classic&quot;}\">\n\t\t\t\t\t\t<div class=\"elementor-container elementor-column-gap-no\">\n\t\t\t\t\t<div class=\"elementor-column elementor-col-100 elementor-top-column elementor-element elementor-element-db68d5b\" data-id=\"db68d5b\" data-element_type=\"column\" data-e-type=\"column\">\n\t\t\t<div class=\"elementor-widget-wrap elementor-element-populated\">\n\t\t\t\t\t\t<div class=\"elementor-element elementor-element-0b7fab1 elementor-widget elementor-widget-spacer\" data-id=\"0b7fab1\" data-element_type=\"widget\" data-e-type=\"widget\" data-widget_type=\"spacer.default\">\n\t\t\t\t<div class=\"elementor-widget-container\">\n\t\t\t\t\t\t\t<div class=\"elementor-spacer\">\n\t\t\t<div class=\"elementor-spacer-inner\"><\/div>\n\t\t<\/div>\n\t\t\t\t\t\t<\/div>\n\t\t\t\t<\/div>\n\t\t\t\t<div class=\"elementor-element elementor-element-4938373 elementor-hidden-desktop elementor-hidden-tablet elementor-widget elementor-widget-image\" data-id=\"4938373\" data-element_type=\"widget\" data-e-type=\"widget\" data-widget_type=\"image.default\">\n\t\t\t\t<div class=\"elementor-widget-container\">\n\t\t\t\t\t\t\t\t\t\t\t\t\t\t\t<img decoding=\"async\" width=\"2000\" height=\"756\" src=\"https:\/\/zahnarztpraxis-buchenbach.de\/wp-content\/uploads\/2021\/04\/ZPB_Team_01k.jpg\" class=\"attachment-full size-full wp-image-317\" alt=\"\" srcset=\"https:\/\/zahnarztpraxis-buchenbach.de\/wp-content\/uploads\/2021\/04\/ZPB_Team_01k.jpg 2000w, https:\/\/zahnarztpraxis-buchenbach.de\/wp-content\/uploads\/2021\/04\/ZPB_Team_01k-300x113.jpg 300w, https:\/\/zahnarztpraxis-buchenbach.de\/wp-content\/uploads\/2021\/04\/ZPB_Team_01k-1024x387.jpg 1024w, https:\/\/zahnarztpraxis-buchenbach.de\/wp-content\/uploads\/2021\/04\/ZPB_Team_01k-768x290.jpg 768w, https:\/\/zahnarztpraxis-buchenbach.de\/wp-content\/uploads\/2021\/04\/ZPB_Team_01k-1536x581.jpg 1536w\" sizes=\"(max-width: 2000px) 100vw, 2000px\" \/>\t\t\t\t\t\t\t\t\t\t\t\t\t\t\t<\/div>\n\t\t\t\t<\/div>\n\t\t\t\t<div class=\"elementor-element elementor-element-3cc082f elementor-widget elementor-widget-spacer\" data-id=\"3cc082f\" data-element_type=\"widget\" data-e-type=\"widget\" data-widget_type=\"spacer.default\">\n\t\t\t\t<div class=\"elementor-widget-container\">\n\t\t\t\t\t\t\t<div class=\"elementor-spacer\">\n\t\t\t<div class=\"elementor-spacer-inner\"><\/div>\n\t\t<\/div>\n\t\t\t\t\t\t<\/div>\n\t\t\t\t<\/div>\n\t\t\t\t\t<\/div>\n\t\t<\/div>\n\t\t\t\t\t<\/div>\n\t\t<\/section>\n\t\t\t\t<section class=\"elementor-section elementor-top-section elementor-element elementor-element-0f78a9c elementor-section-boxed elementor-section-height-default elementor-section-height-default\" data-id=\"0f78a9c\" data-element_type=\"section\" data-e-type=\"section\">\n\t\t\t\t\t\t<div class=\"elementor-container elementor-column-gap-default\">\n\t\t\t\t\t<div class=\"elementor-column elementor-col-100 elementor-top-column elementor-element elementor-element-0559614\" data-id=\"0559614\" data-element_type=\"column\" data-e-type=\"column\">\n\t\t\t<div class=\"elementor-widget-wrap elementor-element-populated\">\n\t\t\t\t\t\t<section class=\"elementor-section elementor-inner-section elementor-element elementor-element-f6cfae5 elementor-section-boxed elementor-section-height-default elementor-section-height-default\" data-id=\"f6cfae5\" data-element_type=\"section\" data-e-type=\"section\">\n\t\t\t\t\t\t<div class=\"elementor-container elementor-column-gap-default\">\n\t\t\t\t\t<div class=\"elementor-column elementor-col-50 elementor-inner-column elementor-element elementor-element-0f0019c\" data-id=\"0f0019c\" data-element_type=\"column\" data-e-type=\"column\">\n\t\t\t<div class=\"elementor-widget-wrap elementor-element-populated\">\n\t\t\t\t\t\t<div class=\"elementor-element elementor-element-acf7ac4 elementor-position-top elementor-widget elementor-widget-image-box\" data-id=\"acf7ac4\" data-element_type=\"widget\" data-e-type=\"widget\" data-widget_type=\"image-box.default\">\n\t\t\t\t<div class=\"elementor-widget-container\">\n\t\t\t\t\t<div class=\"elementor-image-box-wrapper\"><figure class=\"elementor-image-box-img\"><img decoding=\"async\" width=\"750\" height=\"750\" src=\"https:\/\/zahnarztpraxis-buchenbach.de\/wp-content\/uploads\/2021\/10\/ZPB_TeamPortrait_01b-e1633593565328-768x768.jpg\" class=\"attachment-medium_large size-medium_large wp-image-379\" alt=\"\" srcset=\"https:\/\/zahnarztpraxis-buchenbach.de\/wp-content\/uploads\/2021\/10\/ZPB_TeamPortrait_01b-e1633593565328-768x768.jpg 768w, https:\/\/zahnarztpraxis-buchenbach.de\/wp-content\/uploads\/2021\/10\/ZPB_TeamPortrait_01b-e1633593565328-300x300.jpg 300w, https:\/\/zahnarztpraxis-buchenbach.de\/wp-content\/uploads\/2021\/10\/ZPB_TeamPortrait_01b-e1633593565328-150x150.jpg 150w, https:\/\/zahnarztpraxis-buchenbach.de\/wp-content\/uploads\/2021\/10\/ZPB_TeamPortrait_01b-e1633593565328.jpg 800w\" sizes=\"(max-width: 750px) 100vw, 750px\" \/><\/figure><div class=\"elementor-image-box-content\"><h3 class=\"elementor-image-box-title\">Julian Reinhard<\/h3><\/div><\/div>\t\t\t\t<\/div>\n\t\t\t\t<\/div>\n\t\t\t\t\t<\/div>\n\t\t<\/div>\n\t\t\t\t<div class=\"elementor-column elementor-col-50 elementor-inner-column elementor-element elementor-element-205449b\" data-id=\"205449b\" data-element_type=\"column\" data-e-type=\"column\">\n\t\t\t<div class=\"elementor-widget-wrap elementor-element-populated\">\n\t\t\t\t\t\t<div class=\"elementor-element elementor-element-8e4f6a0 elementor-position-top elementor-widget elementor-widget-image-box\" data-id=\"8e4f6a0\" data-element_type=\"widget\" data-e-type=\"widget\" data-widget_type=\"image-box.default\">\n\t\t\t\t<div class=\"elementor-widget-container\">\n\t\t\t\t\t<div class=\"elementor-image-box-wrapper\"><figure class=\"elementor-image-box-img\"><img loading=\"lazy\" decoding=\"async\" width=\"750\" height=\"750\" src=\"https:\/\/zahnarztpraxis-buchenbach.de\/wp-content\/uploads\/2021\/10\/ZPB_TeamPortrait_11-768x768.jpg\" class=\"attachment-medium_large size-medium_large wp-image-389\" alt=\"\" srcset=\"https:\/\/zahnarztpraxis-buchenbach.de\/wp-content\/uploads\/2021\/10\/ZPB_TeamPortrait_11-768x768.jpg 768w, https:\/\/zahnarztpraxis-buchenbach.de\/wp-content\/uploads\/2021\/10\/ZPB_TeamPortrait_11-300x300.jpg 300w, https:\/\/zahnarztpraxis-buchenbach.de\/wp-content\/uploads\/2021\/10\/ZPB_TeamPortrait_11-150x150.jpg 150w, https:\/\/zahnarztpraxis-buchenbach.de\/wp-content\/uploads\/2021\/10\/ZPB_TeamPortrait_11.jpg 800w\" sizes=\"(max-width: 750px) 100vw, 750px\" \/><\/figure><div class=\"elementor-image-box-content\"><h3 class=\"elementor-image-box-title\">Friederike Reinhard<\/h3><\/div><\/div>\t\t\t\t<\/div>\n\t\t\t\t<\/div>\n\t\t\t\t\t<\/div>\n\t\t<\/div>\n\t\t\t\t\t<\/div>\n\t\t<\/section>\n\t\t\t\t<div class=\"elementor-element elementor-element-4c75893 elementor-widget elementor-widget-text-editor\" data-id=\"4c75893\" data-element_type=\"widget\" data-e-type=\"widget\" data-widget_type=\"text-editor.default\">\n\t\t\t\t<div class=\"elementor-widget-container\">\n\t\t\t\t\t\t\t\t\t<p>Nachdem wir in mehreren Zahnarztpraxen in und um Freiburg viele Erfahrungen sammeln konnten, haben wir alles Positive f\u00fcr uns herausgezogen, um unseren Traum von einer eigenen Zahnarztpraxis nach unseren Vorstellungen vor den Toren Freiburgs verwirklichen zu k\u00f6nnen. Wir legen sehr viel Wert auf eine pr\u00e4zise Diagnostik, eine \u00e4u\u00dferst exakte Therapie und dadurch auf einen nachhaltigen Behandlungserfolg. Eine entspannte Atmosph\u00e4re auf Augenh\u00f6he nicht nur mit ihnen als Patienten, sondern auch mit unseren Mitarbeiter:innen macht vieles einfacher und motiviert uns jeden Tag auf ein Neues, unser Bestes zu geben.<\/p>\t\t\t\t\t\t\t\t<\/div>\n\t\t\t\t<\/div>\n\t\t\t\t<section class=\"elementor-section elementor-inner-section elementor-element elementor-element-e10237d elementor-section-boxed elementor-section-height-default elementor-section-height-default\" data-id=\"e10237d\" data-element_type=\"section\" data-e-type=\"section\">\n\t\t\t\t\t\t<div class=\"elementor-container elementor-column-gap-default\">\n\t\t\t\t\t<div class=\"elementor-column elementor-col-50 elementor-inner-column elementor-element elementor-element-27abc38\" data-id=\"27abc38\" data-element_type=\"column\" data-e-type=\"column\">\n\t\t\t<div class=\"elementor-widget-wrap elementor-element-populated\">\n\t\t\t\t\t\t<div class=\"elementor-element elementor-element-e65e511 elementor-position-top elementor-widget elementor-widget-image-box\" data-id=\"e65e511\" data-element_type=\"widget\" data-e-type=\"widget\" data-widget_type=\"image-box.default\">\n\t\t\t\t<div class=\"elementor-widget-container\">\n\t\t\t\t\t<div class=\"elementor-image-box-wrapper\"><figure class=\"elementor-image-box-img\"><img loading=\"lazy\" decoding=\"async\" width=\"750\" height=\"750\" src=\"https:\/\/zahnarztpraxis-buchenbach.de\/wp-content\/uploads\/2021\/04\/ZPB_TeamPortrait_02-768x768.jpg\" class=\"attachment-medium_large size-medium_large wp-image-263\" alt=\"\" srcset=\"https:\/\/zahnarztpraxis-buchenbach.de\/wp-content\/uploads\/2021\/04\/ZPB_TeamPortrait_02-768x768.jpg 768w, https:\/\/zahnarztpraxis-buchenbach.de\/wp-content\/uploads\/2021\/04\/ZPB_TeamPortrait_02-300x300.jpg 300w, https:\/\/zahnarztpraxis-buchenbach.de\/wp-content\/uploads\/2021\/04\/ZPB_TeamPortrait_02-150x150.jpg 150w, https:\/\/zahnarztpraxis-buchenbach.de\/wp-content\/uploads\/2021\/04\/ZPB_TeamPortrait_02.jpg 800w\" sizes=\"(max-width: 750px) 100vw, 750px\" \/><\/figure><div class=\"elementor-image-box-content\"><h3 class=\"elementor-image-box-title\">Susan Faller<\/h3><p class=\"elementor-image-box-description\">Prophyalxe, Assistenz, Qualit\u00e4tsmanagement, Materialbestellung<\/p><\/div><\/div>\t\t\t\t<\/div>\n\t\t\t\t<\/div>\n\t\t\t\t\t<\/div>\n\t\t<\/div>\n\t\t\t\t<div class=\"elementor-column elementor-col-50 elementor-inner-column elementor-element elementor-element-49a1b11\" data-id=\"49a1b11\" data-element_type=\"column\" data-e-type=\"column\">\n\t\t\t<div class=\"elementor-widget-wrap elementor-element-populated\">\n\t\t\t\t\t\t<div class=\"elementor-element elementor-element-7a94e16 elementor-position-top elementor-widget elementor-widget-image-box\" data-id=\"7a94e16\" data-element_type=\"widget\" data-e-type=\"widget\" data-widget_type=\"image-box.default\">\n\t\t\t\t<div class=\"elementor-widget-container\">\n\t\t\t\t\t<div class=\"elementor-image-box-wrapper\"><figure class=\"elementor-image-box-img\"><img loading=\"lazy\" decoding=\"async\" width=\"750\" height=\"750\" src=\"https:\/\/zahnarztpraxis-buchenbach.de\/wp-content\/uploads\/2021\/04\/ZPB_TeamPortrait_07-768x768.jpg\" class=\"attachment-medium_large size-medium_large wp-image-268\" alt=\"\" srcset=\"https:\/\/zahnarztpraxis-buchenbach.de\/wp-content\/uploads\/2021\/04\/ZPB_TeamPortrait_07-768x768.jpg 768w, https:\/\/zahnarztpraxis-buchenbach.de\/wp-content\/uploads\/2021\/04\/ZPB_TeamPortrait_07-300x300.jpg 300w, https:\/\/zahnarztpraxis-buchenbach.de\/wp-content\/uploads\/2021\/04\/ZPB_TeamPortrait_07-150x150.jpg 150w, https:\/\/zahnarztpraxis-buchenbach.de\/wp-content\/uploads\/2021\/04\/ZPB_TeamPortrait_07.jpg 800w\" sizes=\"(max-width: 750px) 100vw, 750px\" \/><\/figure><div class=\"elementor-image-box-content\"><h3 class=\"elementor-image-box-title\">Regina  Goldschmidt<\/h3><p class=\"elementor-image-box-description\">Prophylaxe, Assistenz<\/p><\/div><\/div>\t\t\t\t<\/div>\n\t\t\t\t<\/div>\n\t\t\t\t\t<\/div>\n\t\t<\/div>\n\t\t\t\t\t<\/div>\n\t\t<\/section>\n\t\t\t\t<section class=\"elementor-section elementor-inner-section elementor-element elementor-element-be43d71 elementor-section-boxed elementor-section-height-default elementor-section-height-default\" data-id=\"be43d71\" data-element_type=\"section\" data-e-type=\"section\">\n\t\t\t\t\t\t<div class=\"elementor-container elementor-column-gap-default\">\n\t\t\t\t\t<div class=\"elementor-column elementor-col-50 elementor-inner-column elementor-element elementor-element-7745656\" data-id=\"7745656\" data-element_type=\"column\" data-e-type=\"column\">\n\t\t\t<div class=\"elementor-widget-wrap elementor-element-populated\">\n\t\t\t\t\t\t<div class=\"elementor-element elementor-element-39a6ccf elementor-position-top elementor-widget elementor-widget-image-box\" data-id=\"39a6ccf\" data-element_type=\"widget\" data-e-type=\"widget\" data-widget_type=\"image-box.default\">\n\t\t\t\t<div class=\"elementor-widget-container\">\n\t\t\t\t\t<div class=\"elementor-image-box-wrapper\"><figure class=\"elementor-image-box-img\"><img loading=\"lazy\" decoding=\"async\" width=\"750\" height=\"750\" src=\"https:\/\/zahnarztpraxis-buchenbach.de\/wp-content\/uploads\/2021\/04\/ZPB_TeamPortrait_05-768x768.jpg\" class=\"attachment-medium_large size-medium_large wp-image-266\" alt=\"\" srcset=\"https:\/\/zahnarztpraxis-buchenbach.de\/wp-content\/uploads\/2021\/04\/ZPB_TeamPortrait_05-768x768.jpg 768w, https:\/\/zahnarztpraxis-buchenbach.de\/wp-content\/uploads\/2021\/04\/ZPB_TeamPortrait_05-300x300.jpg 300w, https:\/\/zahnarztpraxis-buchenbach.de\/wp-content\/uploads\/2021\/04\/ZPB_TeamPortrait_05-150x150.jpg 150w, https:\/\/zahnarztpraxis-buchenbach.de\/wp-content\/uploads\/2021\/04\/ZPB_TeamPortrait_05.jpg 800w\" sizes=\"(max-width: 750px) 100vw, 750px\" \/><\/figure><div class=\"elementor-image-box-content\"><h3 class=\"elementor-image-box-title\">Ingmar Kesting<\/h3><p class=\"elementor-image-box-description\">Zahntechnikermeister Ingmar Kesting stellt in unserer Zahnwerkstatt perfektionistisch die zahntechnischen Arbeiten unserer Patienten her. Bei Farbnahmen, Bissnahmen oder \u00e4sthetischen Korrekturen ist er bei der Behandlung stets anwesend und bespricht die W\u00fcnsche unserer Patienten. Auf die enge Zusammenarbeit von Patient, Zahntechniker und Zahnarzt legen wir besonderen Wert, so dass wir ein funktionell und \u00e4sthetisch optimales Ergebnis erreichen k\u00f6nnen.<\/p><\/div><\/div>\t\t\t\t<\/div>\n\t\t\t\t<\/div>\n\t\t\t\t\t<\/div>\n\t\t<\/div>\n\t\t\t\t<div class=\"elementor-column elementor-col-50 elementor-inner-column elementor-element elementor-element-3ac5986\" data-id=\"3ac5986\" data-element_type=\"column\" data-e-type=\"column\">\n\t\t\t<div class=\"elementor-widget-wrap elementor-element-populated\">\n\t\t\t\t\t\t<div class=\"elementor-element elementor-element-46bde61 elementor-position-top elementor-widget elementor-widget-image-box\" data-id=\"46bde61\" data-element_type=\"widget\" data-e-type=\"widget\" data-widget_type=\"image-box.default\">\n\t\t\t\t<div class=\"elementor-widget-container\">\n\t\t\t\t\t<div class=\"elementor-image-box-wrapper\"><figure class=\"elementor-image-box-img\"><img loading=\"lazy\" decoding=\"async\" width=\"750\" height=\"750\" src=\"https:\/\/zahnarztpraxis-buchenbach.de\/wp-content\/uploads\/2021\/10\/ZPB_TeamPortrait_10-768x768.jpg\" class=\"attachment-medium_large size-medium_large wp-image-385\" alt=\"\" srcset=\"https:\/\/zahnarztpraxis-buchenbach.de\/wp-content\/uploads\/2021\/10\/ZPB_TeamPortrait_10-768x768.jpg 768w, https:\/\/zahnarztpraxis-buchenbach.de\/wp-content\/uploads\/2021\/10\/ZPB_TeamPortrait_10-300x300.jpg 300w, https:\/\/zahnarztpraxis-buchenbach.de\/wp-content\/uploads\/2021\/10\/ZPB_TeamPortrait_10-150x150.jpg 150w, https:\/\/zahnarztpraxis-buchenbach.de\/wp-content\/uploads\/2021\/10\/ZPB_TeamPortrait_10.jpg 800w\" sizes=\"(max-width: 750px) 100vw, 750px\" \/><\/figure><div class=\"elementor-image-box-content\"><h3 class=\"elementor-image-box-title\">Lorena Linder<\/h3><p class=\"elementor-image-box-description\">Assistenz<br><\/p><\/div><\/div>\t\t\t\t<\/div>\n\t\t\t\t<\/div>\n\t\t\t\t\t<\/div>\n\t\t<\/div>\n\t\t\t\t\t<\/div>\n\t\t<\/section>\n\t\t\t\t<section class=\"elementor-section elementor-inner-section elementor-element elementor-element-613f536 elementor-section-boxed elementor-section-height-default elementor-section-height-default\" data-id=\"613f536\" data-element_type=\"section\" data-e-type=\"section\">\n\t\t\t\t\t\t<div class=\"elementor-container elementor-column-gap-default\">\n\t\t\t\t\t<div class=\"elementor-column elementor-col-50 elementor-inner-column elementor-element elementor-element-3d50e87\" data-id=\"3d50e87\" data-element_type=\"column\" data-e-type=\"column\">\n\t\t\t<div class=\"elementor-widget-wrap elementor-element-populated\">\n\t\t\t\t\t\t<div class=\"elementor-element elementor-element-a2721df elementor-position-top elementor-widget elementor-widget-image-box\" data-id=\"a2721df\" data-element_type=\"widget\" data-e-type=\"widget\" data-widget_type=\"image-box.default\">\n\t\t\t\t<div class=\"elementor-widget-container\">\n\t\t\t\t\t<div class=\"elementor-image-box-wrapper\"><figure class=\"elementor-image-box-img\"><img loading=\"lazy\" decoding=\"async\" width=\"750\" height=\"750\" src=\"https:\/\/zahnarztpraxis-buchenbach.de\/wp-content\/uploads\/2021\/04\/ZPB_TeamPortrait_03-768x768.jpg\" class=\"attachment-medium_large size-medium_large wp-image-264\" alt=\"\" srcset=\"https:\/\/zahnarztpraxis-buchenbach.de\/wp-content\/uploads\/2021\/04\/ZPB_TeamPortrait_03-768x768.jpg 768w, https:\/\/zahnarztpraxis-buchenbach.de\/wp-content\/uploads\/2021\/04\/ZPB_TeamPortrait_03-300x300.jpg 300w, https:\/\/zahnarztpraxis-buchenbach.de\/wp-content\/uploads\/2021\/04\/ZPB_TeamPortrait_03-150x150.jpg 150w, https:\/\/zahnarztpraxis-buchenbach.de\/wp-content\/uploads\/2021\/04\/ZPB_TeamPortrait_03.jpg 800w\" sizes=\"(max-width: 750px) 100vw, 750px\" \/><\/figure><div class=\"elementor-image-box-content\"><h3 class=\"elementor-image-box-title\">Tanja Mark<\/h3><p class=\"elementor-image-box-description\">Praxismanagement, Terminplanung, Erstellung von Heil-und Kostenpl\u00e4nen und Kostenvoranschl\u00e4gen<\/p><\/div><\/div>\t\t\t\t<\/div>\n\t\t\t\t<\/div>\n\t\t\t\t\t<\/div>\n\t\t<\/div>\n\t\t\t\t<div class=\"elementor-column elementor-col-50 elementor-inner-column elementor-element elementor-element-9661a81\" data-id=\"9661a81\" data-element_type=\"column\" data-e-type=\"column\">\n\t\t\t<div class=\"elementor-widget-wrap elementor-element-populated\">\n\t\t\t\t\t\t<div class=\"elementor-element elementor-element-73ecb08 elementor-position-top elementor-widget elementor-widget-image-box\" data-id=\"73ecb08\" data-element_type=\"widget\" data-e-type=\"widget\" data-widget_type=\"image-box.default\">\n\t\t\t\t<div class=\"elementor-widget-container\">\n\t\t\t\t\t<div class=\"elementor-image-box-wrapper\"><figure class=\"elementor-image-box-img\"><img loading=\"lazy\" decoding=\"async\" width=\"750\" height=\"750\" src=\"https:\/\/zahnarztpraxis-buchenbach.de\/wp-content\/uploads\/2021\/04\/ZPB_TeamPortrait_04-768x768.jpg\" class=\"attachment-medium_large size-medium_large wp-image-265\" alt=\"\" srcset=\"https:\/\/zahnarztpraxis-buchenbach.de\/wp-content\/uploads\/2021\/04\/ZPB_TeamPortrait_04-768x768.jpg 768w, https:\/\/zahnarztpraxis-buchenbach.de\/wp-content\/uploads\/2021\/04\/ZPB_TeamPortrait_04-300x300.jpg 300w, https:\/\/zahnarztpraxis-buchenbach.de\/wp-content\/uploads\/2021\/04\/ZPB_TeamPortrait_04-150x150.jpg 150w, https:\/\/zahnarztpraxis-buchenbach.de\/wp-content\/uploads\/2021\/04\/ZPB_TeamPortrait_04.jpg 800w\" sizes=\"(max-width: 750px) 100vw, 750px\" \/><\/figure><div class=\"elementor-image-box-content\"><h3 class=\"elementor-image-box-title\">Manuela Sandmann<\/h3><p class=\"elementor-image-box-description\">Prophylaxe und Assistenz<\/p><\/div><\/div>\t\t\t\t<\/div>\n\t\t\t\t<\/div>\n\t\t\t\t\t<\/div>\n\t\t<\/div>\n\t\t\t\t\t<\/div>\n\t\t<\/section>\n\t\t\t\t<section class=\"elementor-section elementor-inner-section elementor-element elementor-element-2d39aac elementor-section-boxed elementor-section-height-default elementor-section-height-default\" data-id=\"2d39aac\" data-element_type=\"section\" data-e-type=\"section\">\n\t\t\t\t\t\t<div class=\"elementor-container elementor-column-gap-default\">\n\t\t\t\t\t<div class=\"elementor-column elementor-col-50 elementor-inner-column elementor-element elementor-element-e7a97cc\" data-id=\"e7a97cc\" data-element_type=\"column\" data-e-type=\"column\">\n\t\t\t<div class=\"elementor-widget-wrap elementor-element-populated\">\n\t\t\t\t\t\t<div class=\"elementor-element elementor-element-df72424 elementor-position-top elementor-widget elementor-widget-image-box\" data-id=\"df72424\" data-element_type=\"widget\" data-e-type=\"widget\" data-widget_type=\"image-box.default\">\n\t\t\t\t<div class=\"elementor-widget-container\">\n\t\t\t\t\t<div class=\"elementor-image-box-wrapper\"><figure class=\"elementor-image-box-img\"><img loading=\"lazy\" decoding=\"async\" width=\"750\" height=\"750\" src=\"https:\/\/zahnarztpraxis-buchenbach.de\/wp-content\/uploads\/2021\/10\/ZPB_TeamPortrait_09-768x768.jpg\" class=\"attachment-medium_large size-medium_large wp-image-384\" alt=\"\" srcset=\"https:\/\/zahnarztpraxis-buchenbach.de\/wp-content\/uploads\/2021\/10\/ZPB_TeamPortrait_09-768x768.jpg 768w, https:\/\/zahnarztpraxis-buchenbach.de\/wp-content\/uploads\/2021\/10\/ZPB_TeamPortrait_09-300x300.jpg 300w, https:\/\/zahnarztpraxis-buchenbach.de\/wp-content\/uploads\/2021\/10\/ZPB_TeamPortrait_09-150x150.jpg 150w, https:\/\/zahnarztpraxis-buchenbach.de\/wp-content\/uploads\/2021\/10\/ZPB_TeamPortrait_09.jpg 800w\" sizes=\"(max-width: 750px) 100vw, 750px\" \/><\/figure><div class=\"elementor-image-box-content\"><h3 class=\"elementor-image-box-title\">Sieglinde Sch\u00e4tzle-Kesting<\/h3><p class=\"elementor-image-box-description\">Frau Sch\u00e4tzle-Kesting unterst\u00fctzt ihren Ehemann in allen zahntechnischen Aufgaben<\/p><\/div><\/div>\t\t\t\t<\/div>\n\t\t\t\t<\/div>\n\t\t\t\t\t<\/div>\n\t\t<\/div>\n\t\t\t\t<div class=\"elementor-column elementor-col-50 elementor-inner-column elementor-element elementor-element-e5b7523\" data-id=\"e5b7523\" data-element_type=\"column\" data-e-type=\"column\">\n\t\t\t<div class=\"elementor-widget-wrap elementor-element-populated\">\n\t\t\t\t\t\t<div class=\"elementor-element elementor-element-1dfe85a elementor-position-top elementor-widget elementor-widget-image-box\" data-id=\"1dfe85a\" data-element_type=\"widget\" data-e-type=\"widget\" data-widget_type=\"image-box.default\">\n\t\t\t\t<div class=\"elementor-widget-container\">\n\t\t\t\t\t<div class=\"elementor-image-box-wrapper\"><figure class=\"elementor-image-box-img\"><img loading=\"lazy\" decoding=\"async\" width=\"750\" height=\"750\" src=\"https:\/\/zahnarztpraxis-buchenbach.de\/wp-content\/uploads\/2021\/04\/ZPB_TeamPortrait_08-768x768.jpg\" class=\"attachment-medium_large size-medium_large wp-image-269\" alt=\"\" srcset=\"https:\/\/zahnarztpraxis-buchenbach.de\/wp-content\/uploads\/2021\/04\/ZPB_TeamPortrait_08-768x768.jpg 768w, https:\/\/zahnarztpraxis-buchenbach.de\/wp-content\/uploads\/2021\/04\/ZPB_TeamPortrait_08-300x300.jpg 300w, https:\/\/zahnarztpraxis-buchenbach.de\/wp-content\/uploads\/2021\/04\/ZPB_TeamPortrait_08-150x150.jpg 150w, https:\/\/zahnarztpraxis-buchenbach.de\/wp-content\/uploads\/2021\/04\/ZPB_TeamPortrait_08.jpg 800w\" sizes=\"(max-width: 750px) 100vw, 750px\" \/><\/figure><div class=\"elementor-image-box-content\"><h3 class=\"elementor-image-box-title\">Nicole Schlegel<\/h3><p class=\"elementor-image-box-description\">Assistenz<br><\/p><\/div><\/div>\t\t\t\t<\/div>\n\t\t\t\t<\/div>\n\t\t\t\t\t<\/div>\n\t\t<\/div>\n\t\t\t\t\t<\/div>\n\t\t<\/section>\n\t\t\t\t\t<\/div>\n\t\t<\/div>\n\t\t\t\t\t<\/div>\n\t\t<\/section>\n\t\t\t\t<section class=\"elementor-section elementor-top-section elementor-element elementor-element-76af94a elementor-section-boxed elementor-section-height-default elementor-section-height-default\" data-id=\"76af94a\" data-element_type=\"section\" data-e-type=\"section\">\n\t\t\t\t\t\t<div class=\"elementor-container elementor-column-gap-default\">\n\t\t\t\t\t<div class=\"elementor-column elementor-col-100 elementor-top-column elementor-element elementor-element-eb945d6\" data-id=\"eb945d6\" data-element_type=\"column\" data-e-type=\"column\">\n\t\t\t<div class=\"elementor-widget-wrap elementor-element-populated\">\n\t\t\t\t\t\t<div class=\"elementor-element elementor-element-6f8077e elementor-widget elementor-widget-spacer\" data-id=\"6f8077e\" data-element_type=\"widget\" data-e-type=\"widget\" data-widget_type=\"spacer.default\">\n\t\t\t\t<div class=\"elementor-widget-container\">\n\t\t\t\t\t\t\t<div class=\"elementor-spacer\">\n\t\t\t<div class=\"elementor-spacer-inner\"><\/div>\n\t\t<\/div>\n\t\t\t\t\t\t<\/div>\n\t\t\t\t<\/div>\n\t\t\t\t\t<\/div>\n\t\t<\/div>\n\t\t\t\t\t<\/div>\n\t\t<\/section>\n\t\t\t\t<\/div>\n\t\t","protected":false},"excerpt":{"rendered":"<p>Julian Reinhard Friederike Reinhard Nachdem wir in mehreren Zahnarztpraxen in und um Freiburg viele Erfahrungen sammeln konnten, haben wir alles Positive f\u00fcr uns herausgezogen, um unseren Traum von einer eigenen Zahnarztpraxis nach unseren Vorstellungen vor den Toren Freiburgs verwirklichen zu k\u00f6nnen. Wir legen sehr viel Wert auf eine pr\u00e4zise Diagnostik,<\/p>\n","protected":false},"author":1,"featured_media":0,"parent":0,"menu_order":0,"comment_status":"closed","ping_status":"closed","template":"","meta":{"footnotes":""},"class_list":["post-20","page","type-page","status-publish","hentry"],"yoast_head":"<!-- This site is optimized with the Yoast SEO plugin v27.5 - https:\/\/yoast.com\/product\/yoast-seo-wordpress\/ -->\n<title>Unser Team - Zahnarztpraxis Buchenbach<\/title>\n<meta name=\"robots\" content=\"index, follow, max-snippet:-1, max-image-preview:large, max-video-preview:-1\" \/>\n<link rel=\"canonical\" href=\"https:\/\/zahnarztpraxis-buchenbach.de\/?page_id=20\" \/>\n<meta property=\"og:locale\" content=\"de_DE\" \/>\n<meta property=\"og:type\" content=\"article\" \/>\n<meta property=\"og:title\" content=\"Unser Team - Zahnarztpraxis Buchenbach\" \/>\n<meta property=\"og:description\" content=\"Julian Reinhard Friederike Reinhard Nachdem wir in mehreren Zahnarztpraxen in und um Freiburg viele Erfahrungen sammeln konnten, haben wir alles Positive f\u00fcr uns herausgezogen, um unseren Traum von einer eigenen Zahnarztpraxis nach unseren Vorstellungen vor den Toren Freiburgs verwirklichen zu k\u00f6nnen. Wir legen sehr viel Wert auf eine pr\u00e4zise Diagnostik,\" \/>\n<meta property=\"og:url\" content=\"https:\/\/zahnarztpraxis-buchenbach.de\/?page_id=20\" \/>\n<meta property=\"og:site_name\" content=\"Zahnarztpraxis Buchenbach\" \/>\n<meta property=\"article:modified_time\" content=\"2022-01-13T16:22:14+00:00\" \/>\n<meta property=\"og:image\" content=\"https:\/\/zahnarztpraxis-buchenbach.de\/wp-content\/uploads\/2021\/04\/ZPB_Team_01k.jpg\" \/>\n<meta name=\"twitter:card\" content=\"summary_large_image\" \/>\n<meta name=\"twitter:label1\" content=\"Gesch\u00e4tzte Lesezeit\" \/>\n\t<meta name=\"twitter:data1\" content=\"4\u00a0Minuten\" \/>\n<script type=\"application\/ld+json\" class=\"yoast-schema-graph\">{\"@context\":\"https:\\\/\\\/schema.org\",\"@graph\":[{\"@type\":\"WebPage\",\"@id\":\"https:\\\/\\\/zahnarztpraxis-buchenbach.de\\\/?page_id=20\",\"url\":\"https:\\\/\\\/zahnarztpraxis-buchenbach.de\\\/?page_id=20\",\"name\":\"Unser Team - Zahnarztpraxis Buchenbach\",\"isPartOf\":{\"@id\":\"https:\\\/\\\/zahnarztpraxis-buchenbach.de\\\/#website\"},\"primaryImageOfPage\":{\"@id\":\"https:\\\/\\\/zahnarztpraxis-buchenbach.de\\\/?page_id=20#primaryimage\"},\"image\":{\"@id\":\"https:\\\/\\\/zahnarztpraxis-buchenbach.de\\\/?page_id=20#primaryimage\"},\"thumbnailUrl\":\"https:\\\/\\\/zahnarztpraxis-buchenbach.de\\\/wp-content\\\/uploads\\\/2021\\\/04\\\/ZPB_Team_01k.jpg\",\"datePublished\":\"2019-11-27T11:07:47+00:00\",\"dateModified\":\"2022-01-13T16:22:14+00:00\",\"breadcrumb\":{\"@id\":\"https:\\\/\\\/zahnarztpraxis-buchenbach.de\\\/?page_id=20#breadcrumb\"},\"inLanguage\":\"de\",\"potentialAction\":[{\"@type\":\"ReadAction\",\"target\":[\"https:\\\/\\\/zahnarztpraxis-buchenbach.de\\\/?page_id=20\"]}]},{\"@type\":\"ImageObject\",\"inLanguage\":\"de\",\"@id\":\"https:\\\/\\\/zahnarztpraxis-buchenbach.de\\\/?page_id=20#primaryimage\",\"url\":\"https:\\\/\\\/zahnarztpraxis-buchenbach.de\\\/wp-content\\\/uploads\\\/2021\\\/04\\\/ZPB_Team_01k.jpg\",\"contentUrl\":\"https:\\\/\\\/zahnarztpraxis-buchenbach.de\\\/wp-content\\\/uploads\\\/2021\\\/04\\\/ZPB_Team_01k.jpg\",\"width\":2000,\"height\":756},{\"@type\":\"BreadcrumbList\",\"@id\":\"https:\\\/\\\/zahnarztpraxis-buchenbach.de\\\/?page_id=20#breadcrumb\",\"itemListElement\":[{\"@type\":\"ListItem\",\"position\":1,\"name\":\"Startseite\",\"item\":\"https:\\\/\\\/zahnarztpraxis-buchenbach.de\\\/\"},{\"@type\":\"ListItem\",\"position\":2,\"name\":\"Unser Team\"}]},{\"@type\":\"WebSite\",\"@id\":\"https:\\\/\\\/zahnarztpraxis-buchenbach.de\\\/#website\",\"url\":\"https:\\\/\\\/zahnarztpraxis-buchenbach.de\\\/\",\"name\":\"Zahnarztpraxis Buchenbach\",\"description\":\"Julian Reinhard\",\"publisher\":{\"@id\":\"https:\\\/\\\/zahnarztpraxis-buchenbach.de\\\/#organization\"},\"potentialAction\":[{\"@type\":\"SearchAction\",\"target\":{\"@type\":\"EntryPoint\",\"urlTemplate\":\"https:\\\/\\\/zahnarztpraxis-buchenbach.de\\\/?s={search_term_string}\"},\"query-input\":{\"@type\":\"PropertyValueSpecification\",\"valueRequired\":true,\"valueName\":\"search_term_string\"}}],\"inLanguage\":\"de\"},{\"@type\":\"Organization\",\"@id\":\"https:\\\/\\\/zahnarztpraxis-buchenbach.de\\\/#organization\",\"name\":\"Zahnarztpraxis Buchenbach\",\"url\":\"https:\\\/\\\/zahnarztpraxis-buchenbach.de\\\/\",\"logo\":{\"@type\":\"ImageObject\",\"inLanguage\":\"de\",\"@id\":\"https:\\\/\\\/zahnarztpraxis-buchenbach.de\\\/#\\\/schema\\\/logo\\\/image\\\/\",\"url\":\"https:\\\/\\\/zahnarztpraxis-buchenbach.de\\\/wp-content\\\/uploads\\\/2020\\\/01\\\/cropped-ZPB_Logo_Web_03-1.png\",\"contentUrl\":\"https:\\\/\\\/zahnarztpraxis-buchenbach.de\\\/wp-content\\\/uploads\\\/2020\\\/01\\\/cropped-ZPB_Logo_Web_03-1.png\",\"width\":366,\"height\":125,\"caption\":\"Zahnarztpraxis Buchenbach\"},\"image\":{\"@id\":\"https:\\\/\\\/zahnarztpraxis-buchenbach.de\\\/#\\\/schema\\\/logo\\\/image\\\/\"}}]}<\/script>\n<!-- \/ Yoast SEO plugin. -->","yoast_head_json":{"title":"Unser Team - Zahnarztpraxis Buchenbach","robots":{"index":"index","follow":"follow","max-snippet":"max-snippet:-1","max-image-preview":"max-image-preview:large","max-video-preview":"max-video-preview:-1"},"canonical":"https:\/\/zahnarztpraxis-buchenbach.de\/?page_id=20","og_locale":"de_DE","og_type":"article","og_title":"Unser Team - Zahnarztpraxis Buchenbach","og_description":"Julian Reinhard Friederike Reinhard Nachdem wir in mehreren Zahnarztpraxen in und um Freiburg viele Erfahrungen sammeln konnten, haben wir alles Positive f\u00fcr uns herausgezogen, um unseren Traum von einer eigenen Zahnarztpraxis nach unseren Vorstellungen vor den Toren Freiburgs verwirklichen zu k\u00f6nnen. Wir legen sehr viel Wert auf eine pr\u00e4zise Diagnostik,","og_url":"https:\/\/zahnarztpraxis-buchenbach.de\/?page_id=20","og_site_name":"Zahnarztpraxis Buchenbach","article_modified_time":"2022-01-13T16:22:14+00:00","og_image":[{"url":"https:\/\/zahnarztpraxis-buchenbach.de\/wp-content\/uploads\/2021\/04\/ZPB_Team_01k.jpg","type":"","width":"","height":""}],"twitter_card":"summary_large_image","twitter_misc":{"Gesch\u00e4tzte Lesezeit":"4\u00a0Minuten"},"schema":{"@context":"https:\/\/schema.org","@graph":[{"@type":"WebPage","@id":"https:\/\/zahnarztpraxis-buchenbach.de\/?page_id=20","url":"https:\/\/zahnarztpraxis-buchenbach.de\/?page_id=20","name":"Unser Team - Zahnarztpraxis Buchenbach","isPartOf":{"@id":"https:\/\/zahnarztpraxis-buchenbach.de\/#website"},"primaryImageOfPage":{"@id":"https:\/\/zahnarztpraxis-buchenbach.de\/?page_id=20#primaryimage"},"image":{"@id":"https:\/\/zahnarztpraxis-buchenbach.de\/?page_id=20#primaryimage"},"thumbnailUrl":"https:\/\/zahnarztpraxis-buchenbach.de\/wp-content\/uploads\/2021\/04\/ZPB_Team_01k.jpg","datePublished":"2019-11-27T11:07:47+00:00","dateModified":"2022-01-13T16:22:14+00:00","breadcrumb":{"@id":"https:\/\/zahnarztpraxis-buchenbach.de\/?page_id=20#breadcrumb"},"inLanguage":"de","potentialAction":[{"@type":"ReadAction","target":["https:\/\/zahnarztpraxis-buchenbach.de\/?page_id=20"]}]},{"@type":"ImageObject","inLanguage":"de","@id":"https:\/\/zahnarztpraxis-buchenbach.de\/?page_id=20#primaryimage","url":"https:\/\/zahnarztpraxis-buchenbach.de\/wp-content\/uploads\/2021\/04\/ZPB_Team_01k.jpg","contentUrl":"https:\/\/zahnarztpraxis-buchenbach.de\/wp-content\/uploads\/2021\/04\/ZPB_Team_01k.jpg","width":2000,"height":756},{"@type":"BreadcrumbList","@id":"https:\/\/zahnarztpraxis-buchenbach.de\/?page_id=20#breadcrumb","itemListElement":[{"@type":"ListItem","position":1,"name":"Startseite","item":"https:\/\/zahnarztpraxis-buchenbach.de\/"},{"@type":"ListItem","position":2,"name":"Unser Team"}]},{"@type":"WebSite","@id":"https:\/\/zahnarztpraxis-buchenbach.de\/#website","url":"https:\/\/zahnarztpraxis-buchenbach.de\/","name":"Zahnarztpraxis Buchenbach","description":"Julian Reinhard","publisher":{"@id":"https:\/\/zahnarztpraxis-buchenbach.de\/#organization"},"potentialAction":[{"@type":"SearchAction","target":{"@type":"EntryPoint","urlTemplate":"https:\/\/zahnarztpraxis-buchenbach.de\/?s={search_term_string}"},"query-input":{"@type":"PropertyValueSpecification","valueRequired":true,"valueName":"search_term_string"}}],"inLanguage":"de"},{"@type":"Organization","@id":"https:\/\/zahnarztpraxis-buchenbach.de\/#organization","name":"Zahnarztpraxis Buchenbach","url":"https:\/\/zahnarztpraxis-buchenbach.de\/","logo":{"@type":"ImageObject","inLanguage":"de","@id":"https:\/\/zahnarztpraxis-buchenbach.de\/#\/schema\/logo\/image\/","url":"https:\/\/zahnarztpraxis-buchenbach.de\/wp-content\/uploads\/2020\/01\/cropped-ZPB_Logo_Web_03-1.png","contentUrl":"https:\/\/zahnarztpraxis-buchenbach.de\/wp-content\/uploads\/2020\/01\/cropped-ZPB_Logo_Web_03-1.png","width":366,"height":125,"caption":"Zahnarztpraxis Buchenbach"},"image":{"@id":"https:\/\/zahnarztpraxis-buchenbach.de\/#\/schema\/logo\/image\/"}}]}},"_links":{"self":[{"href":"https:\/\/zahnarztpraxis-buchenbach.de\/index.php?rest_route=\/wp\/v2\/pages\/20","targetHints":{"allow":["GET"]}}],"collection":[{"href":"https:\/\/zahnarztpraxis-buchenbach.de\/index.php?rest_route=\/wp\/v2\/pages"}],"about":[{"href":"https:\/\/zahnarztpraxis-buchenbach.de\/index.php?rest_route=\/wp\/v2\/types\/page"}],"author":[{"embeddable":true,"href":"https:\/\/zahnarztpraxis-buchenbach.de\/index.php?rest_route=\/wp\/v2\/users\/1"}],"replies":[{"embeddable":true,"href":"https:\/\/zahnarztpraxis-buchenbach.de\/index.php?rest_route=%2Fwp%2Fv2%2Fcomments&post=20"}],"version-history":[{"count":79,"href":"https:\/\/zahnarztpraxis-buchenbach.de\/index.php?rest_route=\/wp\/v2\/pages\/20\/revisions"}],"predecessor-version":[{"id":415,"href":"https:\/\/zahnarztpraxis-buchenbach.de\/index.php?rest_route=\/wp\/v2\/pages\/20\/revisions\/415"}],"wp:attachment":[{"href":"https:\/\/zahnarztpraxis-buchenbach.de\/index.php?rest_route=%2Fwp%2Fv2%2Fmedia&parent=20"}],"curies":[{"name":"wp","href":"https:\/\/api.w.org\/{rel}","templated":true}]}}